{"id":2,"date":"2010-07-21T16:59:40","date_gmt":"2010-07-21T16:59:40","guid":{"rendered":"http:\/\/www.felipeporto.com.br\/felipeporto\/?page_id=2"},"modified":"2017-09-12T09:37:01","modified_gmt":"2017-09-12T06:37:01","slug":"sobre","status":"publish","type":"page","link":"https:\/\/felipeporto.com.br\/new\/?page_id=2","title":{"rendered":"Felipe Porto (11*)"},"content":{"rendered":"<p><strong><a href=\"http:\/\/www.portaldf.com.br\/felipeporto\/wp-content\/uploads\/2010\/07\/felipe_about2.jpg\"><img loading=\"lazy\" decoding=\"async\" class=\"alignleft size-full wp-image-92\" title=\"felipe_about\" src=\"http:\/\/www.portaldf.com.br\/felipeporto\/wp-content\/uploads\/2010\/07\/felipe_about2.jpg\" alt=\"\" width=\"101\" height=\"128\" \/><\/a><\/strong><\/p>\n<p><strong>Felipe Porto<\/strong><\/p>\n<p style=\"text-align: justify;\">Jornalista Profissional (Registros DRT-MS 029, DRT-DF 8.535, Diretor de Empresa Jornal\u00edstica &#8211; Reg. DRT-MS 002),\u00a0fundador dos jornais &#8220;<em>Fronteira<\/em>&#8221; (MS), &#8220;<em>Correio do Litoral<\/em>&#8221; (ES) e <em>&#8220;Tribuna\u00a0Braziliana<\/em>&#8221; (<a href=\"http:\/\/www.tribunabraziliana.com.br\" target=\"_blank\">www.tribunabraziliana.com.br<\/a>), tendo trabalhado na S\/A Correio Braziliense &#8211; MS\u00a0e Rede Globo &#8211; MS, propriet\u00e1rio do PortalDF (<a href=\"http:\/\/www.portaldf.com.br\" target=\"_blank\">www.portaldf.com.br<\/a>), escritor (autor do livro &#8220;<em>Bio-Ritmo, Leve a Vida, N\u00e3o Seja Levado Por Ela<\/em>&#8221; &#8211; <a href=\"http:\/\/www.biociclos.com.br\" target=\"_blank\">www.biociclos.com.br<\/a>), Terapeuta (Reg. SINTE CRT-48.821), Esoterista (<a href=\"http:\/\/www.portaldf.com.br\/onze\" target=\"_blank\">www.portaldf.com.br\/onze<\/a>), Empres\u00e1rio (<a href=\"http:\/\/www.neonlights.com.br\" target=\"_blank\">www.neonlights.com.br<\/a>), Ativista de Direitos Humanos (Delegado do Conselho Federal de Direitos Humanos, Delegado-Chefe em Bras\u00edlia\u00a0da Federa\u00e7\u00e3o Brasileira de Defesa dos Direitos Humanos, Gr\u00e3o-Benem\u00e9rito do Comit\u00ea da Paz, Presidente da Comiss\u00e3o de Direitos Humanos de Bras\u00edlia, DF e Entorno), Promotor de Eventos, Colecionador de Armas (CRT 50.140 &#8211; 11a. Regi\u00e3o Militar), Atirador Esportivo (membro da Federa\u00e7\u00e3o de Tiro Pr\u00e1tico do DF), entre outras atividades. Reside em Bras\u00edlia desde 1998, sendo natural de Corumb\u00e1 &#8211; MS. Para outras informa\u00e7\u00f5es, acesse: <a href=\"http:\/\/www.portaldf.com.br\/credenciais\" target=\"_blank\">www.portaldf.com.br\/credenciais<\/a> .<\/p>\n<p style=\"text-align: justify;\">(*) ONZE \u00e9 meu n\u00famero, nasci num dia 11 (de maio) \u00e0s 11 horas, tenho 11 letras no nome e numerologicamente somam 38 e 3+8=11. Peso, altura, manequim, n\u00famero do sapato, identidade, CPF etc. todas somam n\u00fameros que resultam em 11. Nasci numa data que soma 22 (2&#215;11) e portanto a soma dos meus dois n\u00fameros mais importantes \u00e9 33 (3&#215;11). Se quiser me conhecer de verdade, basta conhecer o que representa o n\u00famero 11 e seus m\u00faltiplos 22 e 33. Mais que meu n\u00famero, 11 sou eu mesmo, minha identidade, personalidade, pensamento, emo\u00e7\u00e3o, enfim,\u00a0miss\u00e3o nesta vida!<\/p>\n<p>E-mail: <a href=\"mailto:felipeporto.com@gmail.com\">felipeporto.com@gmail.com<\/a><\/p>\n<p>Facebook: Meu Facebook: <a href=\"http:\/\/www.facebook.com\/felipeporto.11\">http:\/\/www.facebook.com\/felipeporto.11<\/a><\/p>\n<p>Meu endere\u00e7o: CRS 502, Bloco C, Ent. 01 &#8211; Sala 101 &#8211; Asa Sul &#8211; Bras\u00edlia \/ DF &#8211; CEP 70330-530 &#8211;\u00a0Fones: (61) 3322-8060 e 99221-0058.<\/p>\n<p>Obs.: sou noct\u00edvago, s\u00f3 estou &#8220;no ar&#8221; \u00e0 tarde, \u00e0 noite e a madrugada inteira.<\/p>\n<p>Quer saber mais de minha vida?<\/p>\n<div>\n<p>Pesquise no Google, usando as ferramentas de precis\u00e3o: &#8220;Felipe+Porto&#8221;<\/p>\n<p>(copie e cole na caixa de pesquisas, imagens ou clique &#8220;Estou com sorte&#8221;)<\/p>\n<\/div>\n","protected":false},"excerpt":{"rendered":"<p>Felipe Porto Jornalista Profissional (Registros DRT-MS 029, DRT-DF 8.535, Diretor de Empresa Jornal\u00edstica &#8211; Reg. DRT-MS 002),\u00a0fundador dos jornais &#8220;Fronteira&#8221; (MS), &#8220;Correio do Litoral&#8221; (ES) e &#8220;Tribuna\u00a0Braziliana&#8221; (www.tribunabraziliana.com.br), tendo trabalhado na S\/A Correio Braziliense &#8211; MS\u00a0e Rede Globo &#8211; MS, propriet\u00e1rio do PortalDF (www.portaldf.com.br), escritor (autor do livro &#8220;Bio-Ritmo, Leve a Vida, N\u00e3o Seja Levado [&hellip;]<\/p>\n","protected":false},"author":1,"featured_media":0,"parent":0,"menu_order":0,"comment_status":"open","ping_status":"open","template":"","meta":{"footnotes":""},"class_list":["post-2","page","type-page","status-publish","hentry"],"_links":{"self":[{"href":"https:\/\/felipeporto.com.br\/new\/index.php?rest_route=\/wp\/v2\/pages\/2","targetHints":{"allow":["GET"]}}],"collection":[{"href":"https:\/\/felipeporto.com.br\/new\/index.php?rest_route=\/wp\/v2\/pages"}],"about":[{"href":"https:\/\/felipeporto.com.br\/new\/index.php?rest_route=\/wp\/v2\/types\/page"}],"author":[{"embeddable":true,"href":"https:\/\/felipeporto.com.br\/new\/index.php?rest_route=\/wp\/v2\/users\/1"}],"replies":[{"embeddable":true,"href":"https:\/\/felipeporto.com.br\/new\/index.php?rest_route=%2Fwp%2Fv2%2Fcomments&post=2"}],"version-history":[{"count":10,"href":"https:\/\/felipeporto.com.br\/new\/index.php?rest_route=\/wp\/v2\/pages\/2\/revisions"}],"predecessor-version":[{"id":89,"href":"https:\/\/felipeporto.com.br\/new\/index.php?rest_route=\/wp\/v2\/pages\/2\/revisions\/89"}],"wp:attachment":[{"href":"https:\/\/felipeporto.com.br\/new\/index.php?rest_route=%2Fwp%2Fv2%2Fmedia&parent=2"}],"curies":[{"name":"wp","href":"https:\/\/api.w.org\/{rel}","templated":true}]}}